{"id":222,"date":"2025-09-30T13:59:35","date_gmt":"2025-09-30T12:59:35","guid":{"rendered":"https:\/\/sevnica.aklih.si\/de\/?page_id=222"},"modified":"2025-10-09T15:04:44","modified_gmt":"2025-10-09T14:04:44","slug":"grunes-schema","status":"publish","type":"page","link":"https:\/\/visit-sevnica.com\/de\/grunes-schema\/","title":{"rendered":"Gr\u00fcnes Schema"},"content":{"rendered":"\t\t<div data-elementor-type=\"wp-page\" data-elementor-id=\"222\" class=\"elementor elementor-222\" data-elementor-post-type=\"page\">\n\t\t\t\t<section class=\"elementor-element elementor-element-01bfd9c video-container2 e-flex e-con-boxed e-con e-parent\" data-id=\"01bfd9c\" data-element_type=\"container\" data-settings=\"{&quot;background_background&quot;:&quot;classic&quot;}\">\n\t\t\t\t\t<div class=\"e-con-inner\">\n\t\t\t\t<div class=\"elementor-element elementor-element-45be0b7 elementor-invisible elementor-widget elementor-widget-heading\" data-id=\"45be0b7\" data-element_type=\"widget\" data-settings=\"{&quot;_animation&quot;:&quot;fadeIn&quot;}\" data-widget_type=\"heading.default\">\n\t\t\t\t<div class=\"elementor-widget-container\">\n\t\t\t\t\t<h1 class=\"elementor-heading-title elementor-size-default\">Gr\u00fcnes Schema<\/h1>\t\t\t\t<\/div>\n\t\t\t\t<\/div>\n\t\t\t\t<div class=\"elementor-element elementor-element-cd94991 elementor-widget__width-initial elementor-invisible elementor-widget elementor-widget-heading\" data-id=\"cd94991\" data-element_type=\"widget\" data-settings=\"{&quot;_animation&quot;:&quot;fadeIn&quot;,&quot;_animation_delay&quot;:&quot;100&quot;}\" data-widget_type=\"heading.default\">\n\t\t\t\t<div class=\"elementor-widget-container\">\n\t\t\t\t\t<h2 class=\"elementor-heading-title elementor-size-default\">Sevnica ist ein gr\u00fcnes Reiseziel.<\/h2>\t\t\t\t<\/div>\n\t\t\t\t<\/div>\n\t\t\t\t\t<\/div>\n\t\t\t\t<\/section>\n\t\t<section class=\"elementor-element elementor-element-5a55f50 e-flex e-con-boxed e-con e-parent\" data-id=\"5a55f50\" data-element_type=\"container\">\n\t\t\t\t\t<div class=\"e-con-inner\">\n\t\t\t\t<div class=\"elementor-element elementor-element-5840982 elementor-invisible elementor-widget elementor-widget-heading\" data-id=\"5840982\" data-element_type=\"widget\" data-settings=\"{&quot;_animation&quot;:&quot;fadeIn&quot;}\" data-widget_type=\"heading.default\">\n\t\t\t\t<div class=\"elementor-widget-container\">\n\t\t\t\t\t<h3 class=\"elementor-heading-title elementor-size-default\">Sevnica im gr\u00fcnen Shema des slowenischen Tourismus<\/h3>\t\t\t\t<\/div>\n\t\t\t\t<\/div>\n\t\t\t\t<div class=\"elementor-element elementor-element-1f69383 elementor-widget__width-initial elementor-invisible elementor-widget elementor-widget-heading\" data-id=\"1f69383\" data-element_type=\"widget\" data-settings=\"{&quot;_animation&quot;:&quot;fadeIn&quot;,&quot;_animation_delay&quot;:&quot;100&quot;}\" data-widget_type=\"heading.default\">\n\t\t\t\t<div class=\"elementor-widget-container\">\n\t\t\t\t\t<p class=\"elementor-heading-title elementor-size-default\">Sevnica ist Teil des gr\u00fcnen Shemas des slowenischen Tourismus und stolzer Tr\u00e4ger des bronzenen Zeichens \u201eSlowenien Gr\u00fcnes Reiseziel\u201c. Damit schlie\u00dft es sich der Familie der slowenischen Reiseziele an, die sich f\u00fcr eine nachhaltigere Zukunft des Tourismus, ein hochwertiges Erlebnis f\u00fcr Besucher und das Wohlbefinden der lokalen Bev\u00f6lkerung einsetzen.<\/p>\t\t\t\t<\/div>\n\t\t\t\t<\/div>\n\t\t\t\t<div class=\"elementor-element elementor-element-2e6f04d elementor-invisible elementor-widget elementor-widget-image\" data-id=\"2e6f04d\" data-element_type=\"widget\" data-settings=\"{&quot;_animation&quot;:&quot;fadeIn&quot;,&quot;_animation_delay&quot;:&quot;200&quot;}\" data-widget_type=\"image.default\">\n\t\t\t\t<div class=\"elementor-widget-container\">\n\t\t\t\t\t\t\t\t\t\t\t\t\t\t\t<img fetchpriority=\"high\" decoding=\"async\" width=\"590\" height=\"336\" src=\"https:\/\/visit-sevnica.com\/de\/wp-content\/uploads\/sites\/3\/2025\/09\/Group-100-1.png\" class=\"attachment-full size-full wp-image-37\" alt=\"\" srcset=\"https:\/\/visit-sevnica.com\/de\/wp-content\/uploads\/sites\/3\/2025\/09\/Group-100-1.png 590w, https:\/\/visit-sevnica.com\/de\/wp-content\/uploads\/sites\/3\/2025\/09\/Group-100-1-300x171.png 300w\" sizes=\"(max-width: 590px) 100vw, 590px\" \/>\t\t\t\t\t\t\t\t\t\t\t\t\t\t\t<\/div>\n\t\t\t\t<\/div>\n\t\t<div class=\"elementor-element elementor-element-fd6c8f9 e-con-full e-flex elementor-invisible e-con e-child\" data-id=\"fd6c8f9\" data-element_type=\"container\" data-settings=\"{&quot;background_background&quot;:&quot;classic&quot;,&quot;animation&quot;:&quot;fadeIn&quot;}\">\n\t\t<div class=\"elementor-element elementor-element-9aeea29 e-con-full e-flex e-con e-child\" data-id=\"9aeea29\" data-element_type=\"container\">\n\t\t\t\t<div class=\"elementor-element elementor-element-6003da0 elementor-widget elementor-widget-heading\" data-id=\"6003da0\" data-element_type=\"widget\" data-widget_type=\"heading.default\">\n\t\t\t\t<div class=\"elementor-widget-container\">\n\t\t\t\t\t<h4 class=\"elementor-heading-title elementor-size-default\">Was ist das gr\u00fcne Shema des slowenischen Tourismus?<\/h4>\t\t\t\t<\/div>\n\t\t\t\t<\/div>\n\t\t\t\t<div class=\"elementor-element elementor-element-aa1846a elementor-widget__width-initial elementor-widget elementor-widget-heading\" data-id=\"aa1846a\" data-element_type=\"widget\" data-widget_type=\"heading.default\">\n\t\t\t\t<div class=\"elementor-widget-container\">\n\t\t\t\t\t<p class=\"elementor-heading-title elementor-size-default\">Das gr\u00fcne Shema des slowenischen Tourismus (ZSST) ist ein nationales Programm zur F\u00f6rderung der nachhaltigen Entwicklung des Tourismus in Slowenien. Es basiert auf international anerkannten Standards und Instrumenten wie dem Green Destinations Standard, ETIS und GSTC und bewertet Reiseziele nach \u00f6kologischen, sozialen, kulturellen und wirtschaftlichen Kriterien.<\/p>\t\t\t\t<\/div>\n\t\t\t\t<\/div>\n\t\t\t\t<div class=\"elementor-element elementor-element-8eb3548 elementor-widget elementor-widget-heading\" data-id=\"8eb3548\" data-element_type=\"widget\" data-widget_type=\"heading.default\">\n\t\t\t\t<div class=\"elementor-widget-container\">\n\t\t\t\t\t<p class=\"elementor-heading-title elementor-size-default\"><a href=\"https:\/\/www.slovenia.info\/sl\/poslovne-strani\/zelena-shema-slovenskega-turizma\" target=\"_blank\" rel=\"noopener\">Mehr dar\u00fcber &gt;<\/a><\/p>\t\t\t\t<\/div>\n\t\t\t\t<\/div>\n\t\t\t\t<\/div>\n\t\t<div class=\"elementor-element elementor-element-b828d33 e-con-full e-flex e-con e-child\" data-id=\"b828d33\" data-element_type=\"container\">\n\t\t\t\t<\/div>\n\t\t<div class=\"elementor-element elementor-element-2d3f8c3 e-con-full e-flex e-con e-child\" data-id=\"2d3f8c3\" data-element_type=\"container\">\n\t\t\t\t<div class=\"elementor-element elementor-element-81d7842 elementor-widget elementor-widget-heading\" data-id=\"81d7842\" data-element_type=\"widget\" data-widget_type=\"heading.default\">\n\t\t\t\t<div class=\"elementor-widget-container\">\n\t\t\t\t\t<h4 class=\"elementor-heading-title elementor-size-default\">Was bedeutet das bronzene Zeichen Slovenia Green?<\/h4>\t\t\t\t<\/div>\n\t\t\t\t<\/div>\n\t\t\t\t<div class=\"elementor-element elementor-element-38a9fd2 elementor-widget__width-initial elementor-widget elementor-widget-heading\" data-id=\"38a9fd2\" data-element_type=\"widget\" data-widget_type=\"heading.default\">\n\t\t\t\t<div class=\"elementor-widget-container\">\n\t\t\t\t\t<p class=\"elementor-heading-title elementor-size-default\">Das bronzene Zeichen bedeutet, dass Sevnica aktiv am Prozess des nachhaltigen Managements beteiligt ist und bereits bedeutende Fortschritte im Bereich Umweltschutz, der Zusammenarbeit mit der lokalen Bev\u00f6lkerung und der Schaffung freundlicher und authentischer Erlebnisse f\u00fcr Besucher erzielt hat. Dies ist der Beginn des Weges zu einem noch gr\u00fcneren und verantwortungsvolleren Reiseziel.<\/p>\t\t\t\t<\/div>\n\t\t\t\t<\/div>\n\t\t\t\t<div class=\"elementor-element elementor-element-d63e84d elementor-widget elementor-widget-heading\" data-id=\"d63e84d\" data-element_type=\"widget\" data-widget_type=\"heading.default\">\n\t\t\t\t<div class=\"elementor-widget-container\">\n\t\t\t\t\t<p class=\"elementor-heading-title elementor-size-default\"><a href=\"https:\/\/www.slovenia.info\/sl\/poslovne-strani\/zelena-shema-slovenskega-turizma\/druzina-slovenia-green\" target=\"_blank\" rel=\"noopener\">Mehr dar\u00fcber &gt;<\/a><\/p>\t\t\t\t<\/div>\n\t\t\t\t<\/div>\n\t\t\t\t<\/div>\n\t\t\t\t<\/div>\n\t\t\t\t\t<\/div>\n\t\t\t\t<\/section>\n\t\t<div class=\"elementor-element elementor-element-7849b89 e-flex e-con-boxed e-con e-parent\" data-id=\"7849b89\" data-element_type=\"container\" data-settings=\"{&quot;background_background&quot;:&quot;classic&quot;}\">\n\t\t\t\t\t<div class=\"e-con-inner\">\n\t\t\t\t<div class=\"elementor-element elementor-element-e069b4f elementor-widget__width-initial elementor-invisible elementor-widget elementor-widget-heading\" data-id=\"e069b4f\" data-element_type=\"widget\" data-settings=\"{&quot;_animation&quot;:&quot;fadeIn&quot;}\" data-widget_type=\"heading.default\">\n\t\t\t\t<div class=\"elementor-widget-container\">\n\t\t\t\t\t<h4 class=\"elementor-heading-title elementor-size-default\">Warum ist Sevnica Teil des gr\u00fcnen Shemas des slowenischen Tourismus?<\/h4>\t\t\t\t<\/div>\n\t\t\t\t<\/div>\n\t\t\t\t<div class=\"elementor-element elementor-element-fe3ec0c elementor-widget elementor-widget-heading\" data-id=\"fe3ec0c\" data-element_type=\"widget\" data-widget_type=\"heading.default\">\n\t\t\t\t<div class=\"elementor-widget-container\">\n\t\t\t\t\t<p class=\"elementor-heading-title elementor-size-default\">Sevnica ist Teil der gr\u00fcnen Shema des slowenischen Tourismus als Tr\u00e4gerin des bronzenen Zeichens Slovenia Green. Die Stadt engagiert sich f\u00fcr den Naturschutz, die Unterst\u00fctzung der lokalen Umwelt und die Entwicklung nachhaltiger Erlebnisse. Sie liegt im Gebiet des Parks Kozjanski park und bietet Wanderm\u00f6glichkeiten sowie kulinarisches und kulturelles Erbe auf umweltfreundliche Weise. Sie ermutigt Besucher, umweltfreundlich zu handeln\/zu leben \u2013 von der Nutzung einer Eisenbahn bis zu lokal angebauten Produkten. Mit ihrer nat\u00fcrlichen und kulturellen Vielfalt hebt sie sich als ein Reiseziel f\u00fcr verantwortungsbewusste Reisende ab.<\/p>\t\t\t\t<\/div>\n\t\t\t\t<\/div>\n\t\t\t\t\t<\/div>\n\t\t\t\t<\/div>\n\t\t<div class=\"elementor-element elementor-element-1d85b4f e-flex e-con-boxed e-con e-parent\" data-id=\"1d85b4f\" data-element_type=\"container\">\n\t\t\t\t\t<div class=\"e-con-inner\">\n\t\t\t\t<div class=\"elementor-element elementor-element-390f687 elementor-widget-mobile__width-initial elementor-invisible elementor-widget elementor-widget-heading\" data-id=\"390f687\" data-element_type=\"widget\" data-settings=\"{&quot;_animation&quot;:&quot;fadeIn&quot;}\" data-widget_type=\"heading.default\">\n\t\t\t\t<div class=\"elementor-widget-container\">\n\t\t\t\t\t<h5 class=\"elementor-heading-title elementor-size-default\">Ein gr\u00fcner Anbieter ist das Gasthaus Gostilna Repov\u017e.<\/h5>\t\t\t\t<\/div>\n\t\t\t\t<\/div>\n\t\t\t\t<div class=\"elementor-element elementor-element-43a890c elementor-invisible elementor-widget elementor-widget-image\" data-id=\"43a890c\" data-element_type=\"widget\" data-settings=\"{&quot;_animation&quot;:&quot;fadeIn&quot;,&quot;_animation_delay&quot;:&quot;100&quot;}\" data-widget_type=\"image.default\">\n\t\t\t\t<div class=\"elementor-widget-container\">\n\t\t\t\t\t\t\t\t\t\t\t\t\t\t\t\t<a href=\"https:\/\/gostilna-repovz.si\/\" target=\"_blank\" rel=\"noopener\">\n\t\t\t\t\t\t\t<img decoding=\"async\" width=\"1773\" height=\"779\" src=\"https:\/\/visit-sevnica.com\/de\/wp-content\/uploads\/sites\/3\/2025\/09\/VisitSevnica-podstran-Zelena_shema-zeleni_ponudnik_repovz.webp\" class=\"attachment-full size-full wp-image-39\" alt=\"\" srcset=\"https:\/\/visit-sevnica.com\/de\/wp-content\/uploads\/sites\/3\/2025\/09\/VisitSevnica-podstran-Zelena_shema-zeleni_ponudnik_repovz.webp 1773w, https:\/\/visit-sevnica.com\/de\/wp-content\/uploads\/sites\/3\/2025\/09\/VisitSevnica-podstran-Zelena_shema-zeleni_ponudnik_repovz-300x132.webp 300w, https:\/\/visit-sevnica.com\/de\/wp-content\/uploads\/sites\/3\/2025\/09\/VisitSevnica-podstran-Zelena_shema-zeleni_ponudnik_repovz-1024x450.webp 1024w, https:\/\/visit-sevnica.com\/de\/wp-content\/uploads\/sites\/3\/2025\/09\/VisitSevnica-podstran-Zelena_shema-zeleni_ponudnik_repovz-768x337.webp 768w, https:\/\/visit-sevnica.com\/de\/wp-content\/uploads\/sites\/3\/2025\/09\/VisitSevnica-podstran-Zelena_shema-zeleni_ponudnik_repovz-1536x675.webp 1536w\" sizes=\"(max-width: 1773px) 100vw, 1773px\" \/>\t\t\t\t\t\t\t\t<\/a>\n\t\t\t\t\t\t\t\t\t\t\t\t\t\t\t<\/div>\n\t\t\t\t<\/div>\n\t\t<div class=\"elementor-element elementor-element-c155a37 e-flex e-con-boxed elementor-invisible e-con e-child\" data-id=\"c155a37\" data-element_type=\"container\" data-settings=\"{&quot;animation&quot;:&quot;fadeIn&quot;,&quot;animation_delay&quot;:&quot;200&quot;}\">\n\t\t\t\t\t<div class=\"e-con-inner\">\n\t\t\t\t<div class=\"elementor-element elementor-element-679a83c elementor-widget elementor-widget-image\" data-id=\"679a83c\" data-element_type=\"widget\" data-widget_type=\"image.default\">\n\t\t\t\t<div class=\"elementor-widget-container\">\n\t\t\t\t\t\t\t\t\t\t\t\t\t\t\t<img decoding=\"async\" width=\"630\" height=\"157\" src=\"https:\/\/visit-sevnica.com\/de\/wp-content\/uploads\/sites\/3\/2025\/09\/Screenshot-2025-06-11-at-09.18.17-1.png\" class=\"attachment-full size-full wp-image-40\" alt=\"\" srcset=\"https:\/\/visit-sevnica.com\/de\/wp-content\/uploads\/sites\/3\/2025\/09\/Screenshot-2025-06-11-at-09.18.17-1.png 630w, https:\/\/visit-sevnica.com\/de\/wp-content\/uploads\/sites\/3\/2025\/09\/Screenshot-2025-06-11-at-09.18.17-1-300x75.png 300w\" sizes=\"(max-width: 630px) 100vw, 630px\" \/>\t\t\t\t\t\t\t\t\t\t\t\t\t\t\t<\/div>\n\t\t\t\t<\/div>\n\t\t\t\t<div class=\"elementor-element elementor-element-c933c4d elementor-widget__width-initial elementor-widget elementor-widget-heading\" data-id=\"c933c4d\" data-element_type=\"widget\" data-widget_type=\"heading.default\">\n\t\t\t\t<div class=\"elementor-widget-container\">\n\t\t\t\t\t<p class=\"elementor-heading-title elementor-size-default\">Im gr\u00fcnen Reiseziel Sevnica ist das Gasthaus Repov\u017e Tr\u00e4ger des Zeichens Slovenia Green Cuisine und Slovenia Green Accommodation.<\/p>\t\t\t\t<\/div>\n\t\t\t\t<\/div>\n\t\t\t\t\t<\/div>\n\t\t\t\t<\/div>\n\t\t\t\t\t<\/div>\n\t\t\t\t<\/div>\n\t\t<div class=\"elementor-element elementor-element-12d788d e-flex e-con-boxed e-con e-parent\" data-id=\"12d788d\" data-element_type=\"container\" data-settings=\"{&quot;background_background&quot;:&quot;classic&quot;}\">\n\t\t\t\t\t<div class=\"e-con-inner\">\n\t\t\t\t<div class=\"elementor-element elementor-element-352ad72 elementor-invisible elementor-widget elementor-widget-heading\" data-id=\"352ad72\" data-element_type=\"widget\" data-settings=\"{&quot;_animation&quot;:&quot;fadeIn&quot;}\" data-widget_type=\"heading.default\">\n\t\t\t\t<div class=\"elementor-widget-container\">\n\t\t\t\t\t<h6 class=\"elementor-heading-title elementor-size-default\">Hinweise und Unterlagen<\/h6>\t\t\t\t<\/div>\n\t\t\t\t<\/div>\n\t\t\t\t<div class=\"elementor-element elementor-element-3a172a3 accordion-napotki-dokumenti elementor-invisible elementor-widget elementor-widget-accordion\" data-id=\"3a172a3\" data-element_type=\"widget\" data-settings=\"{&quot;_animation&quot;:&quot;fadeIn&quot;,&quot;_animation_delay&quot;:&quot;100&quot;}\" data-widget_type=\"accordion.default\">\n\t\t\t\t<div class=\"elementor-widget-container\">\n\t\t\t\t\t\t\t<div class=\"elementor-accordion\">\n\t\t\t\t\t\t\t<div class=\"elementor-accordion-item\">\n\t\t\t\t\t<div id=\"elementor-tab-title-6091\" class=\"elementor-tab-title\" data-tab=\"1\" role=\"button\" aria-controls=\"elementor-tab-content-6091\" aria-expanded=\"false\">\n\t\t\t\t\t\t\t\t\t\t\t\t\t<span class=\"elementor-accordion-icon elementor-accordion-icon-right\" aria-hidden=\"true\">\n\t\t\t\t\t\t\t\t\t\t\t\t\t\t\t<span class=\"elementor-accordion-icon-closed\"><svg xmlns=\"http:\/\/www.w3.org\/2000\/svg\" width=\"25\" height=\"14\" viewBox=\"0 0 25 14\" fill=\"none\"><path d=\"M2 2L13.1176 12L23 2\" stroke=\"#CB7274\" stroke-width=\"4\" stroke-linecap=\"round\" stroke-linejoin=\"round\"><\/path><\/svg><\/span>\n\t\t\t\t\t\t\t\t<span class=\"elementor-accordion-icon-opened\"><svg xmlns=\"http:\/\/www.w3.org\/2000\/svg\" width=\"25\" height=\"14\" viewBox=\"0 0 25 14\" fill=\"none\"><path d=\"M23 12L11.8824 2L2 12\" stroke=\"#CB7274\" stroke-width=\"4\" stroke-linecap=\"round\" stroke-linejoin=\"round\"><\/path><\/svg><\/span>\n\t\t\t\t\t\t\t\t\t\t\t\t\t\t<\/span>\n\t\t\t\t\t\t\t\t\t\t\t\t<a class=\"elementor-accordion-title\" tabindex=\"0\">Wie kann man nachhaltig handeln?<\/a>\n\t\t\t\t\t<\/div>\n\t\t\t\t\t<div id=\"elementor-tab-content-6091\" class=\"elementor-tab-content elementor-clearfix\" data-tab=\"1\" role=\"region\" aria-labelledby=\"elementor-tab-title-6091\"><\/div>\n\t\t\t\t<\/div>\n\t\t\t\t\t\t\t<div class=\"elementor-accordion-item\">\n\t\t\t\t\t<div id=\"elementor-tab-title-6092\" class=\"elementor-tab-title\" data-tab=\"2\" role=\"button\" aria-controls=\"elementor-tab-content-6092\" aria-expanded=\"false\">\n\t\t\t\t\t\t\t\t\t\t\t\t\t<span class=\"elementor-accordion-icon elementor-accordion-icon-right\" aria-hidden=\"true\">\n\t\t\t\t\t\t\t\t\t\t\t\t\t\t\t<span class=\"elementor-accordion-icon-closed\"><svg xmlns=\"http:\/\/www.w3.org\/2000\/svg\" width=\"25\" height=\"14\" viewBox=\"0 0 25 14\" fill=\"none\"><path d=\"M2 2L13.1176 12L23 2\" stroke=\"#CB7274\" stroke-width=\"4\" stroke-linecap=\"round\" stroke-linejoin=\"round\"><\/path><\/svg><\/span>\n\t\t\t\t\t\t\t\t<span class=\"elementor-accordion-icon-opened\"><svg xmlns=\"http:\/\/www.w3.org\/2000\/svg\" width=\"25\" height=\"14\" viewBox=\"0 0 25 14\" fill=\"none\"><path d=\"M23 12L11.8824 2L2 12\" stroke=\"#CB7274\" stroke-width=\"4\" stroke-linecap=\"round\" stroke-linejoin=\"round\"><\/path><\/svg><\/span>\n\t\t\t\t\t\t\t\t\t\t\t\t\t\t<\/span>\n\t\t\t\t\t\t\t\t\t\t\t\t<a class=\"elementor-accordion-title\" tabindex=\"0\">Statistische Daten<\/a>\n\t\t\t\t\t<\/div>\n\t\t\t\t\t<div id=\"elementor-tab-content-6092\" class=\"elementor-tab-content elementor-clearfix\" data-tab=\"2\" role=\"region\" aria-labelledby=\"elementor-tab-title-6092\"><\/div>\n\t\t\t\t<\/div>\n\t\t\t\t\t\t\t<div class=\"elementor-accordion-item\">\n\t\t\t\t\t<div id=\"elementor-tab-title-6093\" class=\"elementor-tab-title\" data-tab=\"3\" role=\"button\" aria-controls=\"elementor-tab-content-6093\" aria-expanded=\"false\">\n\t\t\t\t\t\t\t\t\t\t\t\t\t<span class=\"elementor-accordion-icon elementor-accordion-icon-right\" aria-hidden=\"true\">\n\t\t\t\t\t\t\t\t\t\t\t\t\t\t\t<span class=\"elementor-accordion-icon-closed\"><svg xmlns=\"http:\/\/www.w3.org\/2000\/svg\" width=\"25\" height=\"14\" viewBox=\"0 0 25 14\" fill=\"none\"><path d=\"M2 2L13.1176 12L23 2\" stroke=\"#CB7274\" stroke-width=\"4\" stroke-linecap=\"round\" stroke-linejoin=\"round\"><\/path><\/svg><\/span>\n\t\t\t\t\t\t\t\t<span class=\"elementor-accordion-icon-opened\"><svg xmlns=\"http:\/\/www.w3.org\/2000\/svg\" width=\"25\" height=\"14\" viewBox=\"0 0 25 14\" fill=\"none\"><path d=\"M23 12L11.8824 2L2 12\" stroke=\"#CB7274\" stroke-width=\"4\" stroke-linecap=\"round\" stroke-linejoin=\"round\"><\/path><\/svg><\/span>\n\t\t\t\t\t\t\t\t\t\t\t\t\t\t<\/span>\n\t\t\t\t\t\t\t\t\t\t\t\t<a class=\"elementor-accordion-title\" tabindex=\"0\">Umfragen<\/a>\n\t\t\t\t\t<\/div>\n\t\t\t\t\t<div id=\"elementor-tab-content-6093\" class=\"elementor-tab-content elementor-clearfix\" data-tab=\"3\" role=\"region\" aria-labelledby=\"elementor-tab-title-6093\"><\/div>\n\t\t\t\t<\/div>\n\t\t\t\t\t\t\t<div class=\"elementor-accordion-item\">\n\t\t\t\t\t<div id=\"elementor-tab-title-6094\" class=\"elementor-tab-title\" data-tab=\"4\" role=\"button\" aria-controls=\"elementor-tab-content-6094\" aria-expanded=\"false\">\n\t\t\t\t\t\t\t\t\t\t\t\t\t<span class=\"elementor-accordion-icon elementor-accordion-icon-right\" aria-hidden=\"true\">\n\t\t\t\t\t\t\t\t\t\t\t\t\t\t\t<span class=\"elementor-accordion-icon-closed\"><svg xmlns=\"http:\/\/www.w3.org\/2000\/svg\" width=\"25\" height=\"14\" viewBox=\"0 0 25 14\" fill=\"none\"><path d=\"M2 2L13.1176 12L23 2\" stroke=\"#CB7274\" stroke-width=\"4\" stroke-linecap=\"round\" stroke-linejoin=\"round\"><\/path><\/svg><\/span>\n\t\t\t\t\t\t\t\t<span class=\"elementor-accordion-icon-opened\"><svg xmlns=\"http:\/\/www.w3.org\/2000\/svg\" width=\"25\" height=\"14\" viewBox=\"0 0 25 14\" fill=\"none\"><path d=\"M23 12L11.8824 2L2 12\" stroke=\"#CB7274\" stroke-width=\"4\" stroke-linecap=\"round\" stroke-linejoin=\"round\"><\/path><\/svg><\/span>\n\t\t\t\t\t\t\t\t\t\t\t\t\t\t<\/span>\n\t\t\t\t\t\t\t\t\t\t\t\t<a class=\"elementor-accordion-title\" tabindex=\"0\">Unterlagen<\/a>\n\t\t\t\t\t<\/div>\n\t\t\t\t\t<div id=\"elementor-tab-content-6094\" class=\"elementor-tab-content elementor-clearfix\" data-tab=\"4\" role=\"region\" aria-labelledby=\"elementor-tab-title-6094\"><\/div>\n\t\t\t\t<\/div>\n\t\t\t\t\t\t\t<div class=\"elementor-accordion-item\">\n\t\t\t\t\t<div id=\"elementor-tab-title-6095\" class=\"elementor-tab-title\" data-tab=\"5\" role=\"button\" aria-controls=\"elementor-tab-content-6095\" aria-expanded=\"false\">\n\t\t\t\t\t\t\t\t\t\t\t\t\t<span class=\"elementor-accordion-icon elementor-accordion-icon-right\" aria-hidden=\"true\">\n\t\t\t\t\t\t\t\t\t\t\t\t\t\t\t<span class=\"elementor-accordion-icon-closed\"><svg xmlns=\"http:\/\/www.w3.org\/2000\/svg\" width=\"25\" height=\"14\" viewBox=\"0 0 25 14\" fill=\"none\"><path d=\"M2 2L13.1176 12L23 2\" stroke=\"#CB7274\" stroke-width=\"4\" stroke-linecap=\"round\" stroke-linejoin=\"round\"><\/path><\/svg><\/span>\n\t\t\t\t\t\t\t\t<span class=\"elementor-accordion-icon-opened\"><svg xmlns=\"http:\/\/www.w3.org\/2000\/svg\" width=\"25\" height=\"14\" viewBox=\"0 0 25 14\" fill=\"none\"><path d=\"M23 12L11.8824 2L2 12\" stroke=\"#CB7274\" stroke-width=\"4\" stroke-linecap=\"round\" stroke-linejoin=\"round\"><\/path><\/svg><\/span>\n\t\t\t\t\t\t\t\t\t\t\t\t\t\t<\/span>\n\t\t\t\t\t\t\t\t\t\t\t\t<a class=\"elementor-accordion-title\" tabindex=\"0\">Register des immateriellen Kulturerbes: Jurjevo koledovanje (Umzug am Georgstag) in Sevnica<\/a>\n\t\t\t\t\t<\/div>\n\t\t\t\t\t<div id=\"elementor-tab-content-6095\" class=\"elementor-tab-content elementor-clearfix\" data-tab=\"5\" role=\"region\" aria-labelledby=\"elementor-tab-title-6095\"><p><strong>Initiator:<\/strong> Ciril Dolin\u0161ek und das \u00d6ffentliche Institut f\u00fcr Kultur, Sport, Tourismus und Jugendaktivit\u00e4ten (K\u0160TM) Sevnica<\/p><p><strong>Datum der Eintragung in das Register des immateriellen Kulturerbes:<\/strong> 17. 5. 2023<\/p><p><strong> Genre:<\/strong> Sitten und Br\u00e4uche<\/p><p><strong>Tr\u00e4ger:<\/strong> Teilnehmer am Umzug am Georgstag in Sevnica<\/p><p><strong>NAMEN DER TR\u00c4GER (im Original &#8211; *S\u00e4nger)<\/strong><\/p><p>Bo\u0161tanjski jurji, Jurjevi pevci* aus Blanca, Jurjevi pevci* Dolenji Bo\u0161tanj, Jurjevi pevci* aus Dolnje Brezovo, Jurjevci aus Breg und \u0160entjur na Polju, Florjanski Jurjevci, Jurjevi pevci* Jarica, Jurjevi pevci* aus Konjsko, Jurjevi pevci* aus Kompolje, Jurjevci aus Log, Jurjevi pevci* aus Lukovec, Jurjevi pevci aus Oki\u010d, Jurjevci aus Podvrh und Trnovec, Jurjevci aus Rovi\u0161\u010de, Jurji aus \u0160mar\u010dne, \u0160entjan\u0161ki jurjevalci, Jurjevci aus Tr\u017ei\u0161\u010de, Jurjevi pevci* aus Vrhek pri Tr\u017ei\u0161\u010du.<\/p><p><strong>BEGR\u00dcNDUNG DER EINTRAGUNG<\/strong><\/p><p>Jurjevo koledovanje (Umzug am Georgstag), wie es in der Region Sevni\u0161ko genannt wird, ist einer der bekanntesten Br\u00e4uche in Slowenien. W\u00e4hrend sich die Br\u00e4uche rund um die Feier des Heiligen Georg vielerorts zu touristischen Veranstaltungen entwickelt haben, findet der Umzug am Georgstag in Sevnica in der urspr\u00fcnglichen Zeit und im lokalen Umfeld statt und richtet sich an die lokale Bev\u00f6lkerung. Trotz gelegentlicher Unterbrechungen des Georgsumzuges, wird in Sevnica die Tradition der Vorfahren fortgesetzt. F\u00fcr die Bewohner stellt er ein wichtiges Element der lokalen Identit\u00e4t dar und ist ein verbindendes Element der lokalen Gemeinschaften.<\/p><p>Quelle: Register des immateriellen Kulturerbes<\/p><p><strong>IMMATERIELLES KULTURERBE<\/strong><\/p><p>Gem\u00e4\u00df der UNESCO-Konvention zur Erhaltung des immateriellen Kulturerbes bezeichnet immaterielles Kulturerbe \u201edie Praktiken, Darstellungen, Ausdrucksformen, Kenntnisse, F\u00e4higkeiten und damit verbundene Werkzeuge, Objekte, Produkte und kulturelle R\u00e4ume, die von Gemeinschaften, Gruppen und manchmal auch Einzelpersonen als Teil ihres kulturellen Erbes anerkannt werden. Immaterielles Kulturerbe wird von Generation zu Generation weitergegeben und von Gemeinschaften und Gruppen in Reaktion auf ihre Umwelt, Natur und Geschichte st\u00e4ndig neu geschaffen. Es vermittelt ein Gef\u00fchl der Identit\u00e4t und Kontinuit\u00e4t mit fr\u00fcheren Generationen und f\u00f6rdert so den Respekt vor kultureller Vielfalt und menschlicher Kreativit\u00e4t.\u201c<\/p><p>Quelle: Artikel 2 des UNESCO-\u00dcbereinkommens zum Schutz des immateriellen Kulturerbes (2003)<\/p><p><strong>LINKS<\/strong><\/p><p>Kulturministerium \u2013 Register des immateriellen Kulturerbes:\u00a0 <a href=\"https:\/\/geohub.gov.si\/ghapp\/iskd\/\" target=\"_blank\" rel=\"noopener\">https:\/\/geohub.gov.si\/ghapp\/iskd\/<\/a><br \/>Kulturministerium \u2013 Immaterielles Kulturerbe:\u00a0 \u00a0<a href=\"https:\/\/www.gov.si\/teme\/nesnovna-dediscina\/\" target=\"_blank\" rel=\"noopener\">https:\/\/www.gov.si\/teme\/nesnovna-dediscina\/<\/a><br \/>SEM &#8211; Koordinator f\u00fcr den Schutz des immateriellen Kulturerbes:\u00a0 <a href=\"http:\/\/www.nesnovnadediscina.si\/\" target=\"_blank\" rel=\"noopener\">http:\/\/www.nesnovnadediscina.si\/<\/a><\/p><div>\u00a0<\/div><div>\u00a0<\/div><p><img loading=\"lazy\" decoding=\"async\" class=\"alignnone wp-image-2940\" src=\"https:\/\/visit-sevnica.com\/wp-content\/uploads\/2025\/06\/Group-86-300x244.png\" alt=\"\" width=\"441\" height=\"359\" \/>\u00a0\u00a0<\/p><\/div>\n\t\t\t\t<\/div>\n\t\t\t\t\t\t\t\t<\/div>\n\t\t\t\t\t\t<\/div>\n\t\t\t\t<\/div>\n\t\t\t\t\t<\/div>\n\t\t\t\t<\/div>\n\t\t\t\t<\/div>\n\t\t","protected":false},"excerpt":{"rendered":"<p>Gr\u00fcnes Schema Sevnica ist ein gr\u00fcnes Reiseziel. Sevnica im gr\u00fcnen Shema des slowenischen Tourismus Sevnica ist Teil des gr\u00fcnen Shemas des slowenischen Tourismus und stolzer Tr\u00e4ger des bronzenen Zeichens \u201eSlowenien Gr\u00fcnes Reiseziel\u201c. Damit schlie\u00dft es sich der Familie der slowenischen Reiseziele an, die sich f\u00fcr eine nachhaltigere Zukunft des Tourismus, ein hochwertiges Erlebnis f\u00fcr Besucher [&hellip;]<\/p>\n","protected":false},"author":2,"featured_media":0,"parent":0,"menu_order":0,"comment_status":"closed","ping_status":"closed","template":"elementor_header_footer","meta":{"_acf_changed":false,"footnotes":""},"class_list":["post-222","page","type-page","status-publish","hentry"],"acf":[],"_links":{"self":[{"href":"https:\/\/visit-sevnica.com\/de\/wp-json\/wp\/v2\/pages\/222","targetHints":{"allow":["GET"]}}],"collection":[{"href":"https:\/\/visit-sevnica.com\/de\/wp-json\/wp\/v2\/pages"}],"about":[{"href":"https:\/\/visit-sevnica.com\/de\/wp-json\/wp\/v2\/types\/page"}],"author":[{"embeddable":true,"href":"https:\/\/visit-sevnica.com\/de\/wp-json\/wp\/v2\/users\/2"}],"replies":[{"embeddable":true,"href":"https:\/\/visit-sevnica.com\/de\/wp-json\/wp\/v2\/comments?post=222"}],"version-history":[{"count":1,"href":"https:\/\/visit-sevnica.com\/de\/wp-json\/wp\/v2\/pages\/222\/revisions"}],"predecessor-version":[{"id":1669,"href":"https:\/\/visit-sevnica.com\/de\/wp-json\/wp\/v2\/pages\/222\/revisions\/1669"}],"wp:attachment":[{"href":"https:\/\/visit-sevnica.com\/de\/wp-json\/wp\/v2\/media?parent=222"}],"curies":[{"name":"wp","href":"https:\/\/api.w.org\/{rel}","templated":true}]}}